{"id":2889,"date":"2024-05-28T13:51:35","date_gmt":"2024-05-28T11:51:35","guid":{"rendered":"https:\/\/clientes-fisyos.laukoa-studio.com\/taldea\/"},"modified":"2025-06-10T14:55:21","modified_gmt":"2025-06-10T12:55:21","slug":"taldea","status":"publish","type":"page","link":"https:\/\/fisyosgarnacho.com\/eu\/taldea\/","title":{"rendered":"Taldea"},"content":{"rendered":"\n<div class=\"wp-block-columns is-layout-flex wp-container-core-columns-is-layout-9d6595d7 wp-block-columns-is-layout-flex\">\n<div class=\"wp-block-column is-layout-flow wp-block-column-is-layout-flow\" style=\"flex-basis:100%\">\n<figure class=\"wp-block-image size-full\"><img loading=\"lazy\" decoding=\"async\" width=\"600\" height=\"900\" src=\"https:\/\/fisyosgarnacho.com\/wp-content\/uploads\/2025\/06\/equipo-fisioterapia-osteopatia.entrenamiento-nutricion.jpg\" alt=\"\" class=\"wp-image-3210\" srcset=\"https:\/\/fisyosgarnacho.com\/wp-content\/uploads\/2025\/06\/equipo-fisioterapia-osteopatia.entrenamiento-nutricion.jpg 600w, https:\/\/fisyosgarnacho.com\/wp-content\/uploads\/2025\/06\/equipo-fisioterapia-osteopatia.entrenamiento-nutricion-200x300.jpg 200w, https:\/\/fisyosgarnacho.com\/wp-content\/uploads\/2025\/06\/equipo-fisioterapia-osteopatia.entrenamiento-nutricion-393x590.jpg 393w\" sizes=\"auto, (max-width: 600px) 100vw, 600px\" \/><\/figure>\n<\/div>\n\n\n\n<div class=\"wp-block-column is-vertically-aligned-center is-layout-flow wp-block-column-is-layout-flow\" style=\"flex-basis:100%\">\n<p class=\"has-medium-font-size\">Fisyos Garnacho fisioterapia eta osteopatia klinika bat da eta duela 30 urte baino gehiago jaio zen Emilio Garnacho medikuaren eskutik. Denborarekin eguneratzen joan gara, teknika eta teknologia berriekin bat datorren kalitatezko zerbitzu bat izateko, proiektu hau hasi zen hasierako hurbiltasun eta tratu pertsonalizatuaren funtsa galdu gabe.<\/p>\n<\/div>\n<\/div>\n\n<div class=\"wp-block-columns is-layout-flex wp-container-core-columns-is-layout-9d6595d7 wp-block-columns-is-layout-flex\">\n<div class=\"wp-block-column is-layout-flow wp-block-column-is-layout-flow\">\n<h2 class=\"wp-block-heading\"><strong>Adriana Ruiz Martinez<\/strong><\/h2>\n\n\n<div class=\"wp-block-image\">\n<figure class=\"aligncenter size-full\"><img loading=\"lazy\" decoding=\"async\" width=\"400\" height=\"380\" src=\"https:\/\/fisyosgarnacho.com\/wp-content\/uploads\/2025\/06\/adriana-ruiz-martinez.jpg\" alt=\"\" class=\"wp-image-3118\" srcset=\"https:\/\/fisyosgarnacho.com\/wp-content\/uploads\/2025\/06\/adriana-ruiz-martinez.jpg 400w, https:\/\/fisyosgarnacho.com\/wp-content\/uploads\/2025\/06\/adriana-ruiz-martinez-300x285.jpg 300w\" sizes=\"auto, (max-width: 400px) 100vw, 400px\" \/><\/figure>\n<\/div>\n\n\n<h3 class=\"wp-block-heading\"><strong>Administrazioa eta kudeaketa<\/strong><\/h3>\n\n\n\n<ul class=\"wp-block-list\">\n<li>Turismo enpresa eta jardueretako diplomatura, Deustuko Unibertsitatean.<\/li>\n<\/ul>\n<\/div>\n\n\n\n<div class=\"wp-block-column is-layout-flow wp-block-column-is-layout-flow\">\n<h2 class=\"wp-block-heading\"><strong>Amaia Diez Gonzalez<\/strong><\/h2>\n\n\n<div class=\"wp-block-image\">\n<figure class=\"aligncenter size-full\"><img loading=\"lazy\" decoding=\"async\" width=\"400\" height=\"380\" src=\"https:\/\/fisyosgarnacho.com\/wp-content\/uploads\/2025\/06\/amaia-diez-gonzalez.jpg\" alt=\"\" class=\"wp-image-3120\" srcset=\"https:\/\/fisyosgarnacho.com\/wp-content\/uploads\/2025\/06\/amaia-diez-gonzalez.jpg 400w, https:\/\/fisyosgarnacho.com\/wp-content\/uploads\/2025\/06\/amaia-diez-gonzalez-300x285.jpg 300w\" sizes=\"auto, (max-width: 400px) 100vw, 400px\" \/><\/figure>\n<\/div>\n\n\n<h3 class=\"wp-block-heading\"><strong>3416 zenbakiko elkargokidea, Euskadiko Fisioterapeuten Elkargo Ofizialean (EFEO)<\/strong><\/h3>\n\n\n\n<ul class=\"wp-block-list\">\n<li>Eliteko Kiroleko Minor Fisioterapian bikaintasunez graduatua Euskal Herriko Unibertsitatean (EHU, 2015-2019).<\/li>\n\n\n\n<li>Esku-terapia ortopedikoan aditua (TMO, 2019-2020).<\/li>\n\n\n\n<li>Kakodun fibrolisi diakutaneoa (FyR prestakuntza, 2020).<\/li>\n\n\n\n<li>Ziztada lehorra: min miofaszialaren sindromearen fisioterapia kontserbatzaile eta inbaditzailea (Travell eta Simons, 2020).<\/li>\n\n\n\n<li>Ikastaroa Min kronikoa eta neurozientziako hezkuntza (Qeres Formaci\u00f3n, 2021-2022)<\/li>\n\n\n\n<li>Ikastaroa Min kronikoa- Ebidentzian oinarritutako ikuspegi fisioterapiko berria (Centro inspira, 2023).<\/li>\n\n\n\n<li>Oinarrizko ekografia ikastaroa. (ATM fisio, Donostia 2024).<\/li>\n\n\n\n<li>Fisioterapian lanketa ekokudeatuei buruzko ikastaroa. (ATMfisio, Donostia. 2024ko maiatza).<\/li>\n\n\n\n<li>Ikastaroa: Pedagogia minean eta mugimenduan (GOIGROUP, 2024).<\/li>\n\n\n\n<li>Fisioterapia aurreko lotailu gurutzatuko lesioetan eta belauneko beste lesio traumatiko batzuetan (ana gacimartin garcia cofpv- efeo, 2025).<\/li>\n\n\n\n<li>Goiko eta beheko gorputz-adarren neuropatiak (arturo such sanz cofpv- efeo, 2025).<\/li>\n\n\n\n<li>Epi therapy ikastaro teknikoa (fylab, 2025).<\/li>\n<\/ul>\n<\/div>\n<\/div>\n\n<div class=\"wp-block-columns is-layout-flex wp-container-core-columns-is-layout-9d6595d7 wp-block-columns-is-layout-flex\">\n<div class=\"wp-block-column is-layout-flow wp-block-column-is-layout-flow\">\n<h2 class=\"wp-block-heading\"><strong>Carla Garnacho Ortiz<\/strong><\/h2>\n\n\n<div class=\"wp-block-image\">\n<figure class=\"aligncenter size-full\"><img loading=\"lazy\" decoding=\"async\" width=\"400\" height=\"380\" src=\"https:\/\/fisyosgarnacho.com\/wp-content\/uploads\/2025\/06\/carla-garnacho-ortiz.jpg\" alt=\"\" class=\"wp-image-3124\" srcset=\"https:\/\/fisyosgarnacho.com\/wp-content\/uploads\/2025\/06\/carla-garnacho-ortiz.jpg 400w, https:\/\/fisyosgarnacho.com\/wp-content\/uploads\/2025\/06\/carla-garnacho-ortiz-300x285.jpg 300w\" sizes=\"auto, (max-width: 400px) 100vw, 400px\" \/><\/figure>\n<\/div>\n\n\n<h3 class=\"wp-block-heading\"><strong>2.200 zenbakiko elkargokidea, Euskadiko fisioterapeuten elkargo ofizialean (EFEO)<\/strong><\/h3>\n\n\n\n<ul class=\"wp-block-list\">\n<li>Fisioterapian graduatua Madrilgo Unibertsitate Europarrean (2001-2004).<\/li>\n\n\n\n<li>Kirol-errekuperazio funtzionalean aditu graduondokoa (2004-2005).<\/li>\n\n\n\n<li>Liberazio miofaszialari buruzko ikastaroa (Tupimek 2005-2006).<\/li>\n\n\n\n<li>Teknika miofaszial integratuei eta garezur-indukzioari buruzko ikastaroa (Tupimek 2005-2006).<\/li>\n\n\n\n<li>Jarreraren berreziketa globalari buruzko ikastaro ofiziala (G.P.E.) Philippe E. Souchard (Bilbo 2006-2007).<\/li>\n\n\n\n<li>Zerbikaletako patologiako eta ATMko jarreraren berreziketako goi-mailako ikastaroa (Tupimek 2006-2007), Rita Menezesen eskutik.<\/li>\n\n\n\n<li>Osteopatiako graduondokoa. Osteopata C.O. (Madrilgo osteopatia eskola) 2007-2012.<\/li>\n\n\n\n<li>Ikastaroa Ziztada lehorra: min miofaszialaren sindromearen fisioterapia kontserbatzaile eta inbaditzailea (Travell eta Simons). (Santander centro inspira 2013-2014).<\/li>\n\n\n\n<li>Fisioterapeutentzako akupuntura klinikoko ikastaroa. (Gasteiz 2014-2015).<\/li>\n\n\n\n<li>Mesoterapia ikastaroa lokomozio aparatuan. (Gasteiz 2014-2015).<\/li>\n\n\n\n<li>Kinesiologia holistikoko ikastaro ofiziala (Kinesiologia holistikoko eskola ofiziala. Madril 2015-2017).<\/li>\n\n\n\n<li>Jaioberrien erregulazio autonomikorako ikastaroa (Madril 2019).<\/li>\n\n\n\n<li>Fisioterapia Inbaditzaileko Graduondokoa (EPI eta Neuromodulazioa) eta Ekografia Bilbo 2021.<\/li>\n\n\n\n<li>Erditze-osteko muskulu zuzen abdominalen diastasia ikastaroa (Donosti 2022 atmfisioa).<\/li>\n\n\n\n<li>Ikastaroa: TMPI (2024ko apirila)<\/li>\n\n\n\n<li>Fisioterapian lanketa ekokudeatuei buruzko ikastaroa. ATMfisio Donosti. (2024ko maiatza).<\/li>\n\n\n\n<li>Zoru pelbikoaren fisioterapian (Fisiofocus) adituaren graduondokoa (Urr 24 &#8211; Eka 25).<\/li>\n<\/ul>\n<\/div>\n\n\n\n<div class=\"wp-block-column is-layout-flow wp-block-column-is-layout-flow\">\n<h2 class=\"wp-block-heading\"><strong>Garazi Martin Arias<\/strong><\/h2>\n\n\n<div class=\"wp-block-image\">\n<figure class=\"aligncenter size-full\"><img loading=\"lazy\" decoding=\"async\" width=\"400\" height=\"380\" src=\"https:\/\/fisyosgarnacho.com\/wp-content\/uploads\/2025\/06\/garazi-martin-arias.jpg\" alt=\"\" class=\"wp-image-3126\" srcset=\"https:\/\/fisyosgarnacho.com\/wp-content\/uploads\/2025\/06\/garazi-martin-arias.jpg 400w, https:\/\/fisyosgarnacho.com\/wp-content\/uploads\/2025\/06\/garazi-martin-arias-300x285.jpg 300w\" sizes=\"auto, (max-width: 400px) 100vw, 400px\" \/><\/figure>\n<\/div>\n\n\n<h3 class=\"wp-block-heading\"><strong>Kolegiatua Dietista-Nutrizionista Col. EUS00200 CODINE\/EDINEO <\/strong><\/h3>\n\n\n\n<p>Garazi naiz eta nutrizioaren mundura &#8220;errebote pixka bat&#8221; iritsi banintzen ere, izugarri gustatu zitzaidan lehen unetik. Gradua amaitu ondoren hasi nuen nutrizionista ibilbidea, lagun eta ezagunei kontsulta pasatuz. Garai horretan, arraunean hasi nintzen. Eta hor sartu zen kirola nire bizitzan %150ean. Janariak gorputzari nola eragiten dion ulertzeko asko falta zitzaidala konturatu nintzen. Beraz, Fisiologia Integratiboan Masterra egin nuen, gorputzaren sistemek elkarri nola eragiten dioten ulertu nahi nuelako.     <\/p>\n\n\n\n<p>Geroago, Kirol Nutrizioan graduondokoa egin nuen, eta ikasitako guztia nire zaletasunetan aplikatu ahal izan nuen. Ikasi nuenari esker nire taldekideei laguntzen nien eta, esperientzia honen ondorioz, arraun taldeekin profesionalki lan egiten hasi nintzen. <\/p>\n\n\n\n<p>Azken urteetan, digestio-patologietan, hormona-osasunean, ugalkortasunean eta haurdunaldiko eta erditu osteko elikaduran trebatu naiz. Adibidez, Baby Led Weaning-en trebatu nintzen haurdunaldian. <\/p>\n\n\n\n<p>Nire lan egiteko moduari dagokionez, nire kontsultatik igarotako denbora zure bizitzan mugarri bat izatea nahi dut. Ez da promesa hutsa. Zure partetik jarri behar duzu, hori hasieratik argi uztea gustatzen zait. Baina, egiten baduzu, ohitura osasungarriak sortu ahal izango dituzu, ahalegin edo sakrifizio handirik egin gabe.   <\/p>\n\n\n\n<p>Nire pazienteek puntu hauek nabarmendu ohi dituzte:<\/p>\n\n\n\n<ul class=\"wp-block-list\">\n<li>Euren gorputzekin hobeto sentitzea lortzen dute, dieta murriztailerik egin gabe.<\/li>\n\n\n\n<li>Sintomak hobetzen zaizkiela sentitzen dute egun gutxiren buruan.<\/li>\n\n\n\n<li>Janaria kudeatzen ikasten dute.<\/li>\n\n\n\n<li>Kontsultan ikasten ditugun ohiturak mantentzearen garrantzia ulertzen dute.<\/li>\n\n\n\n<li>Jatorri ezezaguneko min edo neke horiek sentitzeari uzten diote.<\/li>\n<\/ul>\n<\/div>\n<\/div>\n\n<div class=\"wp-block-columns is-layout-flex wp-container-core-columns-is-layout-9d6595d7 wp-block-columns-is-layout-flex\">\n<div class=\"wp-block-column is-layout-flow wp-block-column-is-layout-flow\">\n<h2 class=\"wp-block-heading\"><strong>Nerea Aguirre Moragues<\/strong><\/h2>\n\n\n<div class=\"wp-block-image\">\n<figure class=\"aligncenter size-full is-resized\"><img loading=\"lazy\" decoding=\"async\" width=\"400\" height=\"380\" src=\"https:\/\/fisyosgarnacho.com\/wp-content\/uploads\/2025\/06\/nerea-aguirre-moragues.jpg\" alt=\"\" class=\"wp-image-3130\" style=\"width:401px;height:auto\" srcset=\"https:\/\/fisyosgarnacho.com\/wp-content\/uploads\/2025\/06\/nerea-aguirre-moragues.jpg 400w, https:\/\/fisyosgarnacho.com\/wp-content\/uploads\/2025\/06\/nerea-aguirre-moragues-300x285.jpg 300w\" sizes=\"auto, (max-width: 400px) 100vw, 400px\" \/><\/figure>\n<\/div>\n\n\n<h3 class=\"wp-block-heading\">CAFYDeko 61805 elkargo ofizialak kolegiatua<\/h3>\n\n\n\n<ul class=\"wp-block-list\">\n<li>Jarduera Fisikoaren eta Kirolaren Zientzietan graduatua Deustuko Unibertsitatean.<\/li>\n\n\n\n<li>Emakume eta kirol aditu ikastaroa Madrilgo Unibertsitate Politeknikoan<\/li>\n\n\n\n<li>Erditze aurreko eta ondorengo ikastaroa.<\/li>\n\n\n\n<li>Biriketako gaixotasun buxatzaile kronikoan ariketa fisiokoan trebatzeko programa.<\/li>\n\n\n\n<li>Errugbiko entrenatzaile ikastaroa World Rugbyn<\/li>\n\n\n\n<li>Balleteko 1. eta 2. graduko ikastaroa, Royal Academyn.<\/li>\n\n\n\n<li>6 urte Espainiako errugbi federazioko jokalaria XII. eta XV.<\/li>\n\n\n\n<li>3 urte basque Teameko kirolaria. 14 urte Euskadiko Errugbi Federazioko jokalaria (5 urte kapitaina).<\/li>\n<\/ul>\n<\/div>\n\n\n\n<div class=\"wp-block-column is-layout-flow wp-block-column-is-layout-flow\">\n<h2 class=\"wp-block-heading\"><strong>Silvia Miguel Martin<\/strong><\/h2>\n\n\n<div class=\"wp-block-image\">\n<figure class=\"aligncenter size-full\"><img loading=\"lazy\" decoding=\"async\" width=\"400\" height=\"380\" src=\"https:\/\/fisyosgarnacho.com\/wp-content\/uploads\/2025\/06\/silvia-miguel-martin.jpg\" alt=\"\" class=\"wp-image-3132\" srcset=\"https:\/\/fisyosgarnacho.com\/wp-content\/uploads\/2025\/06\/silvia-miguel-martin.jpg 400w, https:\/\/fisyosgarnacho.com\/wp-content\/uploads\/2025\/06\/silvia-miguel-martin-300x285.jpg 300w\" sizes=\"auto, (max-width: 400px) 100vw, 400px\" \/><\/figure>\n<\/div>\n\n\n<h3 class=\"wp-block-heading\">Euskadiko Fisioterapeuten Elkargo Ofizialeko 3493 zenbakiko elkargokidea<\/h3>\n\n\n\n<ul class=\"wp-block-list\">\n<li>Fisioterapian graduatua La Lagunako Unibertsitatean (Tenerife).<\/li>\n\n\n\n<li>Osteopatiako graduondokoa (Madrilgo Osteopatia Eskola)<\/li>\n\n\n\n<li>Eskuzko Terapian eta Ariketa Terapeutikoan aditu-ikastaroa Madrilgo Unibertsitate Konplutentsean.<\/li>\n\n\n\n<li>Fisioterapia Inbaditzaileko (EPI eta neuromodulazioa) eta ekografiako Graduondokoa, Clibersaluden, Bilbon.<\/li>\n\n\n\n<li>Indukzio miofasziala 1r maila (egitura-teknikak), Andrzej Pilat jaunak emana ONCEko unibertsitatean, Madrilen.<\/li>\n\n\n\n<li>Pilates metodo-monitorea (Mat) Pilates Jatorrizko Prestakuntza Eskolan (Tenerife).<\/li>\n\n\n\n<li>Sabel-ondesteen diastasiari buruzko ikastaroa erditze ostean (Atmfisio Donosti 2022).<\/li>\n\n\n\n<li>Fisioterapian ekokudeatutako gaiak lantzeko ikastaroa (ATMfisio Donosti. 2024ko maiatza).<\/li>\n<\/ul>\n<\/div>\n<\/div>\n\n<div class=\"wp-block-columns is-layout-flex wp-container-core-columns-is-layout-9d6595d7 wp-block-columns-is-layout-flex\">\n<div class=\"wp-block-column is-layout-flow wp-block-column-is-layout-flow\">\n<h2 class=\"wp-block-heading\"><strong>Sonia Casal S\u00e1nchez<\/strong><\/h2>\n\n\n<div class=\"wp-block-image\">\n<figure class=\"aligncenter size-full is-resized\"><img loading=\"lazy\" decoding=\"async\" width=\"400\" height=\"380\" src=\"https:\/\/fisyosgarnacho.com\/wp-content\/uploads\/2025\/06\/sonia-casal-sanchez.jpg\" alt=\"\" class=\"wp-image-3134\" style=\"width:401px;height:auto\" srcset=\"https:\/\/fisyosgarnacho.com\/wp-content\/uploads\/2025\/06\/sonia-casal-sanchez.jpg 400w, https:\/\/fisyosgarnacho.com\/wp-content\/uploads\/2025\/06\/sonia-casal-sanchez-300x285.jpg 300w\" sizes=\"auto, (max-width: 400px) 100vw, 400px\" \/><\/figure>\n<\/div>\n\n\n<h3 class=\"wp-block-heading\">Euskadiko Fisioterapeuten Elkargo Ofizialaren kolegiatua, 1477 zenbakikoa.<\/h3>\n\n\n\n<ul class=\"wp-block-list\">\n<li>Fisioterapian diplomaduna, Kataluniako Nazioarteko Unibertsitatea, Bartzelona, 2004ko iraila &#8211; 2007ko ekaina<\/li>\n\n\n\n<li>SP Universidad Internacional de Catalunya, Bartzelona, 2007ko iraila &#8211; 2008ko ekaina<\/li>\n\n\n\n<li>CO Osteopat\u00eda Escuela de Osteopat\u00eda de Madrid, Torrelavega, S, 2008ko iraila &#8211; 2013ko ekaina<\/li>\n\n\n\n<li>Akupuntura arrazionala fisioterapeutentzat Frantses akupuntura-eskola, Donostia, 2009ko urtarrila &#8211; 2009ko martxoa<\/li>\n\n\n\n<li>Electrolisis Intratisular terapeutica (EPI) CEREDE Jose Manuel S\u00e1nchez , Bilbo, BI, 2012ko azaroa<\/li>\n\n\n\n<li>Elektrolisi Terapeutikoa (EPTE)Meatzaldea Errehabilitazioa eta Zerbitzuak , Bilbo, 2014ko urria<\/li>\n\n\n\n<li>Fisioterapia Onkologikoko aditua Salamancako Unibertsitate Pontifikoa (UPSA), Madril, 2023ko iraila Eskuzko drainatze linfatikoa LEDUC metodoa Salamancako Unibertsitate Pontifikoa (UPSA), Madril, M, 2023ko azaroa &#8211; 2023ko azaroa<\/li>\n\n\n\n<li>Zoru pelbikoaren fisioterapian unibertsitate-aditua.<\/li>\n\n\n\n<li>Dietetika eta Nutrizioko goi-mailako teknikaria Antonio Trueba Institutua, Barakaldo, 2002ko iraila &#8211; 2004ko ekaina.<\/li>\n<\/ul>\n<\/div>\n\n\n\n<div class=\"wp-block-column is-layout-flow wp-block-column-is-layout-flow\">\n<h2 class=\"wp-block-heading\"><strong><strong>Ana Herran Villahoz<\/strong><\/strong><\/h2>\n\n\n<div class=\"wp-block-image\">\n<figure class=\"aligncenter size-full is-resized\"><img loading=\"lazy\" decoding=\"async\" width=\"400\" height=\"380\" src=\"https:\/\/fisyosgarnacho.com\/wp-content\/uploads\/2025\/06\/ana-herran-villahoz.jpg\" alt=\"\" class=\"wp-image-3122\" style=\"width:401px;height:auto\" srcset=\"https:\/\/fisyosgarnacho.com\/wp-content\/uploads\/2025\/06\/ana-herran-villahoz.jpg 400w, https:\/\/fisyosgarnacho.com\/wp-content\/uploads\/2025\/06\/ana-herran-villahoz-300x285.jpg 300w\" sizes=\"auto, (max-width: 400px) 100vw, 400px\" \/><\/figure>\n<\/div>\n\n\n<h3 class=\"wp-block-heading\">4030 zenbakiko elkargokidea, Euskadiko Fisioterapeuten Elkargo Ofizialean.<\/h3>\n\n\n\n<ul class=\"wp-block-list\">\n<li>Fisioterapiako gradua Euskal Herriko Unibertsitatean (EHU, 2018-2022).<\/li>\n\n\n\n<li>Lehen Hezkuntzako Maistra Gradua Salamancako Unibertsitatean Heziketa Fisikoko Aipamenarekin, 2010-2014.<\/li>\n\n\n\n<li>Suspentsioan entrenatzeko ikastaroa 2014.<\/li>\n\n\n\n<li>Perkusio musikako lanbide titulua.<\/li>\n\n\n\n<li>Coaching Deportivoko prestakuntza 2015.<\/li>\n\n\n\n<li>Egokitzapen fisikoari buruzko ikastaroa 2019.<\/li>\n\n\n\n<li>Ikastaroa: Arrazoiketa klinikoa sorbaldako patologian. Fisiofocus 2021. <\/li>\n\n\n\n<li>Oinarrizko Ekografia ikastaroa. Atmfisio 2024. <\/li>\n\n\n\n<li>NBE ikastaro teknikoa. Fylab 2025.<\/li>\n<\/ul>\n<\/div>\n<\/div>\n\n<div class=\"wp-block-columns is-layout-flex wp-container-core-columns-is-layout-9d6595d7 wp-block-columns-is-layout-flex\">\n<div class=\"wp-block-column is-layout-flow wp-block-column-is-layout-flow\">\n<h2 class=\"wp-block-heading\"><strong><strong>Leire De Esteban San Mill\u00e1n<\/strong><\/strong><\/h2>\n\n\n<div class=\"wp-block-image\">\n<figure class=\"aligncenter size-full is-resized\"><img loading=\"lazy\" decoding=\"async\" width=\"400\" height=\"380\" src=\"https:\/\/fisyosgarnacho.com\/wp-content\/uploads\/2025\/06\/leire-de-esteban-san-millan.jpg\" alt=\"\" class=\"wp-image-3128\" style=\"width:401px;height:auto\" srcset=\"https:\/\/fisyosgarnacho.com\/wp-content\/uploads\/2025\/06\/leire-de-esteban-san-millan.jpg 400w, https:\/\/fisyosgarnacho.com\/wp-content\/uploads\/2025\/06\/leire-de-esteban-san-millan-300x285.jpg 300w\" sizes=\"auto, (max-width: 400px) 100vw, 400px\" \/><\/figure>\n<\/div>\n\n\n<h3 class=\"wp-block-heading\">Cafyd-eko Gradua Euskal Herriko Unibertsitatean<\/h3>\n\n\n\n<ul class=\"wp-block-list\">\n<li>TAFADeko goi mailako titulua (Jarduera Fisiko eta Kirolezkoak Sustatzeko Teknikaria).<\/li>\n\n\n\n<li>Jarduera Fisikoaren eta Kirolaren Zientzietako Gradua UPV\/EHUn.<\/li>\n\n\n\n<li>Kirol Erakundeen Zuzendaritza Masterra (2016-2017).<\/li>\n\n\n\n<li>Balorazio Funtzionalaren Ziurtagiria (Qualis Motus, 2018-2019).<\/li>\n\n\n\n<li>Oinezko Lasterketaren Biomekanikako Ziurtagiria (Qualis Motus, 2019-2020).<\/li>\n\n\n\n<li>Biomekanikako ziurtagiria, lbiomechanics-eko postura, martxa eta lasterketari buruzkoa.<\/li>\n\n\n\n<li>Biomekanikan Borja Rubiok eginiko Lasterketaren balorazioa.<\/li>\n<\/ul>\n<\/div>\n\n\n\n<div class=\"wp-block-column is-layout-flow wp-block-column-is-layout-flow\"><\/div>\n<\/div>\n","protected":false},"excerpt":{"rendered":"<p>Fisyos Garnacho fisioterapia eta osteopatia klinika bat da eta duela 30 urte baino gehiago jaio zen Emilio Garnacho medikuaren eskutik. Denborarekin eguneratzen joan gara, teknika eta teknologia berriekin bat datorren kalitatezko zerbitzu bat izateko, proiektu hau hasi zen hasierako hurbiltasun eta tratu pertsonalizatuaren funtsa galdu gabe. Adriana Ruiz Martinez Administrazioa eta kudeaketa Amaia Diez Gonzalez [&hellip;]<\/p>\n","protected":false},"author":1,"featured_media":0,"parent":0,"menu_order":0,"comment_status":"closed","ping_status":"closed","template":"","meta":{"footnotes":""},"class_list":["post-2889","page","type-page","status-publish","hentry"],"yoast_head":"<!-- This site is optimized with the Yoast SEO plugin v26.8 - https:\/\/yoast.com\/product\/yoast-seo-wordpress\/ -->\n<title>Taldea - Fisyos Garnacho. Fisioterapia, entrenamiento y nutrici\u00f3n en Barakaldo<\/title>\n<meta name=\"robots\" content=\"index, follow, max-snippet:-1, max-image-preview:large, max-video-preview:-1\" \/>\n<link rel=\"canonical\" href=\"https:\/\/fisyosgarnacho.com\/eu\/taldea\/\" \/>\n<meta property=\"og:locale\" content=\"eu_ES\" \/>\n<meta property=\"og:type\" content=\"article\" \/>\n<meta property=\"og:title\" content=\"Taldea - Fisyos Garnacho. Fisioterapia, entrenamiento y nutrici\u00f3n en Barakaldo\" \/>\n<meta property=\"og:description\" content=\"Fisyos Garnacho fisioterapia eta osteopatia klinika bat da eta duela 30 urte baino gehiago jaio zen Emilio Garnacho medikuaren eskutik. Denborarekin eguneratzen joan gara, teknika eta teknologia berriekin bat datorren kalitatezko zerbitzu bat izateko, proiektu hau hasi zen hasierako hurbiltasun eta tratu pertsonalizatuaren funtsa galdu gabe. Adriana Ruiz Martinez Administrazioa eta kudeaketa Amaia Diez Gonzalez [&hellip;]\" \/>\n<meta property=\"og:url\" content=\"https:\/\/fisyosgarnacho.com\/eu\/taldea\/\" \/>\n<meta property=\"og:site_name\" content=\"Fisyos Garnacho. Fisioterapia, entrenamiento y nutrici\u00f3n en Barakaldo\" \/>\n<meta property=\"article:publisher\" content=\"https:\/\/www.facebook.com\/Fisyosgarnacho\/\" \/>\n<meta property=\"article:modified_time\" content=\"2025-06-10T12:55:21+00:00\" \/>\n<meta property=\"og:image\" content=\"https:\/\/fisyosgarnacho.com\/wp-content\/uploads\/2025\/06\/equipo-fisioterapia-osteopatia.entrenamiento-nutricion.jpg\" \/>\n\t<meta property=\"og:image:width\" content=\"600\" \/>\n\t<meta property=\"og:image:height\" content=\"900\" \/>\n\t<meta property=\"og:image:type\" content=\"image\/jpeg\" \/>\n<meta name=\"twitter:card\" content=\"summary_large_image\" \/>\n<meta name=\"twitter:label1\" content=\"Est. reading time\" \/>\n\t<meta name=\"twitter:data1\" content=\"5 minutes\" \/>\n<script type=\"application\/ld+json\" class=\"yoast-schema-graph\">{\"@context\":\"https:\/\/schema.org\",\"@graph\":[{\"@type\":\"WebPage\",\"@id\":\"https:\/\/fisyosgarnacho.com\/eu\/taldea\/\",\"url\":\"https:\/\/fisyosgarnacho.com\/eu\/taldea\/\",\"name\":\"Taldea - Fisyos Garnacho. Fisioterapia, entrenamiento y nutrici\u00f3n en Barakaldo\",\"isPartOf\":{\"@id\":\"https:\/\/fisyosgarnacho.com\/eu\/#website\"},\"primaryImageOfPage\":{\"@id\":\"https:\/\/fisyosgarnacho.com\/eu\/taldea\/#primaryimage\"},\"image\":{\"@id\":\"https:\/\/fisyosgarnacho.com\/eu\/taldea\/#primaryimage\"},\"thumbnailUrl\":\"https:\/\/fisyosgarnacho.com\/wp-content\/uploads\/2025\/06\/equipo-fisioterapia-osteopatia.entrenamiento-nutricion.jpg\",\"datePublished\":\"2024-05-28T11:51:35+00:00\",\"dateModified\":\"2025-06-10T12:55:21+00:00\",\"breadcrumb\":{\"@id\":\"https:\/\/fisyosgarnacho.com\/eu\/taldea\/#breadcrumb\"},\"inLanguage\":\"eu-ES\",\"potentialAction\":[{\"@type\":\"ReadAction\",\"target\":[\"https:\/\/fisyosgarnacho.com\/eu\/taldea\/\"]}]},{\"@type\":\"ImageObject\",\"inLanguage\":\"eu-ES\",\"@id\":\"https:\/\/fisyosgarnacho.com\/eu\/taldea\/#primaryimage\",\"url\":\"https:\/\/fisyosgarnacho.com\/wp-content\/uploads\/2025\/06\/equipo-fisioterapia-osteopatia.entrenamiento-nutricion.jpg\",\"contentUrl\":\"https:\/\/fisyosgarnacho.com\/wp-content\/uploads\/2025\/06\/equipo-fisioterapia-osteopatia.entrenamiento-nutricion.jpg\"},{\"@type\":\"BreadcrumbList\",\"@id\":\"https:\/\/fisyosgarnacho.com\/eu\/taldea\/#breadcrumb\",\"itemListElement\":[{\"@type\":\"ListItem\",\"position\":1,\"name\":\"Portada\",\"item\":\"https:\/\/fisyosgarnacho.com\/eu\/hasiera\/\"},{\"@type\":\"ListItem\",\"position\":2,\"name\":\"Taldea\"}]},{\"@type\":\"WebSite\",\"@id\":\"https:\/\/fisyosgarnacho.com\/eu\/#website\",\"url\":\"https:\/\/fisyosgarnacho.com\/eu\/\",\"name\":\"Fisyos Garnacho. Fisioterapia, entrenamiento y nutrici\u00f3n en Barakaldo\",\"description\":\"Cl\u00ednica de fisioterapia, entrenamiento y nutrici\u00f3n en Barakaldo, Bizkaia. Fisioterapeutas y osteopatas en Baracaldo.\",\"publisher\":{\"@id\":\"https:\/\/fisyosgarnacho.com\/eu\/#organization\"},\"potentialAction\":[{\"@type\":\"SearchAction\",\"target\":{\"@type\":\"EntryPoint\",\"urlTemplate\":\"https:\/\/fisyosgarnacho.com\/eu\/?s={search_term_string}\"},\"query-input\":{\"@type\":\"PropertyValueSpecification\",\"valueRequired\":true,\"valueName\":\"search_term_string\"}}],\"inLanguage\":\"eu-ES\"},{\"@type\":\"Organization\",\"@id\":\"https:\/\/fisyosgarnacho.com\/eu\/#organization\",\"name\":\"Fisyos Garnacho\",\"url\":\"https:\/\/fisyosgarnacho.com\/eu\/\",\"logo\":{\"@type\":\"ImageObject\",\"inLanguage\":\"eu-ES\",\"@id\":\"https:\/\/fisyosgarnacho.com\/eu\/#\/schema\/logo\/image\/\",\"url\":\"https:\/\/fisyosgarnacho.com\/wp-content\/uploads\/2024\/11\/logo-fisyos-garnacho.png\",\"contentUrl\":\"https:\/\/fisyosgarnacho.com\/wp-content\/uploads\/2024\/11\/logo-fisyos-garnacho.png\",\"width\":750,\"height\":300,\"caption\":\"Fisyos Garnacho\"},\"image\":{\"@id\":\"https:\/\/fisyosgarnacho.com\/eu\/#\/schema\/logo\/image\/\"},\"sameAs\":[\"https:\/\/www.facebook.com\/Fisyosgarnacho\/\",\"https:\/\/www.instagram.com\/fisyos_garnacho\/?hl=es\",\"https:\/\/www.linkedin.com\/in\/carla-garnacho-ortiz-a09806b1\/\"]}]}<\/script>\n<!-- \/ Yoast SEO plugin. -->","yoast_head_json":{"title":"Taldea - Fisyos Garnacho. Fisioterapia, entrenamiento y nutrici\u00f3n en Barakaldo","robots":{"index":"index","follow":"follow","max-snippet":"max-snippet:-1","max-image-preview":"max-image-preview:large","max-video-preview":"max-video-preview:-1"},"canonical":"https:\/\/fisyosgarnacho.com\/eu\/taldea\/","og_locale":"eu_ES","og_type":"article","og_title":"Taldea - Fisyos Garnacho. Fisioterapia, entrenamiento y nutrici\u00f3n en Barakaldo","og_description":"Fisyos Garnacho fisioterapia eta osteopatia klinika bat da eta duela 30 urte baino gehiago jaio zen Emilio Garnacho medikuaren eskutik. Denborarekin eguneratzen joan gara, teknika eta teknologia berriekin bat datorren kalitatezko zerbitzu bat izateko, proiektu hau hasi zen hasierako hurbiltasun eta tratu pertsonalizatuaren funtsa galdu gabe. Adriana Ruiz Martinez Administrazioa eta kudeaketa Amaia Diez Gonzalez [&hellip;]","og_url":"https:\/\/fisyosgarnacho.com\/eu\/taldea\/","og_site_name":"Fisyos Garnacho. Fisioterapia, entrenamiento y nutrici\u00f3n en Barakaldo","article_publisher":"https:\/\/www.facebook.com\/Fisyosgarnacho\/","article_modified_time":"2025-06-10T12:55:21+00:00","og_image":[{"width":600,"height":900,"url":"https:\/\/fisyosgarnacho.com\/wp-content\/uploads\/2025\/06\/equipo-fisioterapia-osteopatia.entrenamiento-nutricion.jpg","type":"image\/jpeg"}],"twitter_card":"summary_large_image","twitter_misc":{"Est. reading time":"5 minutes"},"schema":{"@context":"https:\/\/schema.org","@graph":[{"@type":"WebPage","@id":"https:\/\/fisyosgarnacho.com\/eu\/taldea\/","url":"https:\/\/fisyosgarnacho.com\/eu\/taldea\/","name":"Taldea - Fisyos Garnacho. Fisioterapia, entrenamiento y nutrici\u00f3n en Barakaldo","isPartOf":{"@id":"https:\/\/fisyosgarnacho.com\/eu\/#website"},"primaryImageOfPage":{"@id":"https:\/\/fisyosgarnacho.com\/eu\/taldea\/#primaryimage"},"image":{"@id":"https:\/\/fisyosgarnacho.com\/eu\/taldea\/#primaryimage"},"thumbnailUrl":"https:\/\/fisyosgarnacho.com\/wp-content\/uploads\/2025\/06\/equipo-fisioterapia-osteopatia.entrenamiento-nutricion.jpg","datePublished":"2024-05-28T11:51:35+00:00","dateModified":"2025-06-10T12:55:21+00:00","breadcrumb":{"@id":"https:\/\/fisyosgarnacho.com\/eu\/taldea\/#breadcrumb"},"inLanguage":"eu-ES","potentialAction":[{"@type":"ReadAction","target":["https:\/\/fisyosgarnacho.com\/eu\/taldea\/"]}]},{"@type":"ImageObject","inLanguage":"eu-ES","@id":"https:\/\/fisyosgarnacho.com\/eu\/taldea\/#primaryimage","url":"https:\/\/fisyosgarnacho.com\/wp-content\/uploads\/2025\/06\/equipo-fisioterapia-osteopatia.entrenamiento-nutricion.jpg","contentUrl":"https:\/\/fisyosgarnacho.com\/wp-content\/uploads\/2025\/06\/equipo-fisioterapia-osteopatia.entrenamiento-nutricion.jpg"},{"@type":"BreadcrumbList","@id":"https:\/\/fisyosgarnacho.com\/eu\/taldea\/#breadcrumb","itemListElement":[{"@type":"ListItem","position":1,"name":"Portada","item":"https:\/\/fisyosgarnacho.com\/eu\/hasiera\/"},{"@type":"ListItem","position":2,"name":"Taldea"}]},{"@type":"WebSite","@id":"https:\/\/fisyosgarnacho.com\/eu\/#website","url":"https:\/\/fisyosgarnacho.com\/eu\/","name":"Fisyos Garnacho. Fisioterapia, entrenamiento y nutrici\u00f3n en Barakaldo","description":"Cl\u00ednica de fisioterapia, entrenamiento y nutrici\u00f3n en Barakaldo, Bizkaia. Fisioterapeutas y osteopatas en Baracaldo.","publisher":{"@id":"https:\/\/fisyosgarnacho.com\/eu\/#organization"},"potentialAction":[{"@type":"SearchAction","target":{"@type":"EntryPoint","urlTemplate":"https:\/\/fisyosgarnacho.com\/eu\/?s={search_term_string}"},"query-input":{"@type":"PropertyValueSpecification","valueRequired":true,"valueName":"search_term_string"}}],"inLanguage":"eu-ES"},{"@type":"Organization","@id":"https:\/\/fisyosgarnacho.com\/eu\/#organization","name":"Fisyos Garnacho","url":"https:\/\/fisyosgarnacho.com\/eu\/","logo":{"@type":"ImageObject","inLanguage":"eu-ES","@id":"https:\/\/fisyosgarnacho.com\/eu\/#\/schema\/logo\/image\/","url":"https:\/\/fisyosgarnacho.com\/wp-content\/uploads\/2024\/11\/logo-fisyos-garnacho.png","contentUrl":"https:\/\/fisyosgarnacho.com\/wp-content\/uploads\/2024\/11\/logo-fisyos-garnacho.png","width":750,"height":300,"caption":"Fisyos Garnacho"},"image":{"@id":"https:\/\/fisyosgarnacho.com\/eu\/#\/schema\/logo\/image\/"},"sameAs":["https:\/\/www.facebook.com\/Fisyosgarnacho\/","https:\/\/www.instagram.com\/fisyos_garnacho\/?hl=es","https:\/\/www.linkedin.com\/in\/carla-garnacho-ortiz-a09806b1\/"]}]}},"_links":{"self":[{"href":"https:\/\/fisyosgarnacho.com\/eu\/wp-json\/wp\/v2\/pages\/2889","targetHints":{"allow":["GET"]}}],"collection":[{"href":"https:\/\/fisyosgarnacho.com\/eu\/wp-json\/wp\/v2\/pages"}],"about":[{"href":"https:\/\/fisyosgarnacho.com\/eu\/wp-json\/wp\/v2\/types\/page"}],"author":[{"embeddable":true,"href":"https:\/\/fisyosgarnacho.com\/eu\/wp-json\/wp\/v2\/users\/1"}],"replies":[{"embeddable":true,"href":"https:\/\/fisyosgarnacho.com\/eu\/wp-json\/wp\/v2\/comments?post=2889"}],"version-history":[{"count":7,"href":"https:\/\/fisyosgarnacho.com\/eu\/wp-json\/wp\/v2\/pages\/2889\/revisions"}],"predecessor-version":[{"id":3222,"href":"https:\/\/fisyosgarnacho.com\/eu\/wp-json\/wp\/v2\/pages\/2889\/revisions\/3222"}],"wp:attachment":[{"href":"https:\/\/fisyosgarnacho.com\/eu\/wp-json\/wp\/v2\/media?parent=2889"}],"curies":[{"name":"wp","href":"https:\/\/api.w.org\/{rel}","templated":true}]}}